{"id":3272,"date":"2023-05-26T11:37:18","date_gmt":"2023-05-26T11:37:18","guid":{"rendered":"https:\/\/termoshop.md\/?post_type=product&#038;p=3272"},"modified":"2024-04-17T10:51:49","modified_gmt":"2024-04-17T10:51:49","slug":"centrala-termica-pe-lemne-ferroli-pro-n-25-kw","status":"publish","type":"product","link":"https:\/\/termoshop.md\/ru\/produs\/centrala-termica-pe-lemne-ferroli-pro-n-25-kw\/","title":{"rendered":"Central\u0103 termic\u0103 pe lemne Ferroli PRO N 25 kW"},"content":{"rendered":"<p>Centrala termic\u0103 pe lemne Ferroli FSB PRO N este un cazan fabricat din o\u021bel, cu 3 drumuri de fum, ce se utilizeaz\u0103 pentru \u00eenc\u0103lzirea \u00eenc\u0103perilor mici \u0219i mijlocii (prepar\u0103 ap\u0103 cald\u0103 menajer\u0103 prin intermediul unui boiler extern), are o putere nominal\u0103 de 25 kW, se amplaseaz\u0103 pe pardoseal\u0103, are tiraj natural \u0219i func\u021bioneaz\u0103 cu brichete, toc\u0103tur\u0103 lemnoas\u0103, orice fel de resturi \u0219i de\u0219euri vegetale, agricole, forestiere, silvice, lemn \u0219i c\u0103rbune cu puterea calorific\u0103 mai mare de 15 MJ\/kg. Centrala poate fi adaptat\u0103 pentru func\u021bionare pe pele\u021bi cu kit arz\u0103tor de pele\u021bi. Grosimea pere\u021bilor cazanului care intr\u0103 \u00een contact cu apa este de 5 mm. Centrala este echipat\u0103 cu termometru, t\u0103vi\u021b\u0103 de cenu\u0219\u0103 \u0219i kit cur\u0103\u021bare.<\/p>\n<p>Regulatorul termostatic de tiraj pentru aer este obligatoriu \u0219i nu este inclus \u00een furnitura standard a centralei, acesta <span id=\"p946\" class=\"hw\">comand\u00e2ndu-se <\/span>separat.<\/p>\n<p>Este interzis\u0103 amplasarea cazanului \u00een spatii de locuit (inclusiv holuri)<\/p>\n<p>Centrala termica Ferroli FSB PRO N este destinat\u0103 pentru sisteme de \u00eenc\u0103lzire cu ap\u0103 cald\u0103 \u0219i nu se poate utiliza pentru alimentare cu ap\u0103 cald\u0103 menajer\u0103 \u00een mod direct.<br \/>\nSe pot utiliza diferi\u021bi combustibili solizi: lemne, c\u0103rbune, brichete din lemne, toc\u0103tur\u0103 lemnoas\u0103, orice fel de resturi \u0219i de\u0219euri vegetale, agricole, forestiere sau silvice. Deoarece puterile calorice ale combustibililor sunt diferite, puterea cazanului va fi diferit\u0103 \u00een func\u021bie de tip de combustibil utilizat, \u00eens\u0103 \u00eentre anumite valori limit\u0103.<\/p>\n<p>Cazanul nu poate fi instalat \u00een camere locuite sau care au deschidere direct\u0103 spre camere de zi.<br \/>\n\u00cenc\u0103perea \u00een care urmeaz\u0103 s\u0103 fie amplasat\u0103 centrala trebuie s\u0103 fie prev\u0103zut\u0103 cu aerisire \u0219i trebuie a\u0219ezat\u0103 \u00een a\u0219a fel \u00eenc\u00e2t s\u0103 existe acces pe toate laturile acesteia.<br \/>\nSe recomand\u0103 cur\u0103\u021barea cazanului de cenu\u0219\u0103 o dat\u0103 sau de doua ori pe s\u0103pt\u0103m\u00e2n\u0103 sau ori de cate ori este necesar pentru a permite p\u0103trunderea aerului necesar arderii prin clapeta regulatorului de tiraj. \u00centre\u021binerea regulat\u0103 prelunge\u0219te durata de via\u021b\u0103 a cazanului. Cur\u0103\u021barea se va efectua prin u\u0219a inferioar\u0103 \u0219i superioar\u0103 a cazanului dar \u0219i prin deschiderile din p\u0103r\u021bile laterale \u0219i din spate.<br \/>\nDimensionarea co\u0219ului este o condi\u021bie foarte important\u0103 pentru func\u021bionarea cazanului la parametrii optimi. Co\u0219ul trebuie s\u0103 fie proiectat \u00een a\u0219a fel \u00eenc\u00e2t s\u0103 fac\u0103 evacuarea gazelor corect c\u00e2t \u0219i s\u0103 p\u0103streze aerul necesar \u00een cazan.<\/p>","protected":false},"excerpt":{"rendered":"<ul>\n<li>\u041d\u043e\u043c\u0438\u043d\u0430\u043b\u044c\u043d\u0430\u044f \u043c\u043e\u0449\u043d\u043e\u0441\u0442\u044c: 25 \u043a\u0412\u0442<\/li>\n<li>Presiune max. de lucru: 3 bar<\/li>\n<li>Tiraj necesar: 20 mbar<\/li>\n<li>Con\u021binut ap\u0103: 97 l<\/li>\n<li>Volum camer\u0103 ardere: 74 dm\u00b3<\/li>\n<li>Interval temperatur\u0103: 60-90 \u00b0C<\/li>\n<li>Temperatura min. pe retur: 60 \u00b0C<\/li>\n<li>Diametru racord co\u0219 fum: 200 mm<\/li>\n<li>Racord tur\/retur \u00eenc\u0103lzire: 1 1\/4&#8243;<\/li>\n<li>Dimensiuni central\u0103 termic\u0103: 505 x 1185 x 1025 mm<\/li>\n<li>Greutate: 251 kg<\/li>\n<li>Distan\u021ba baza cazan &#8211; racord co\u0219: 915 mm<\/li>\n<li>Lungime max. lemne: 530 mm<\/li>\n<li>Diametru intern co\u0219: 200 mm<\/li>\n<li>\u00cen\u0103l\u021bime co\u0219: 7-8 m<\/li>\n<li>Suprafa\u021ba de \u00eenc\u0103lzire: 120-150 m\u00b2<\/li>\n<\/ul>","protected":false},"featured_media":3273,"comment_status":"open","ping_status":"closed","template":"","meta":[],"product_brand":[],"product_cat":[140],"product_tag":[],"class_list":{"0":"post-3272","1":"product","2":"type-product","3":"status-publish","4":"has-post-thumbnail","6":"product_cat-cazane-pe-lemne-si-carbuni","8":"first","9":"outofstock","10":"shipping-taxable","11":"product-type-simple"},"yoast_head":"<!-- This site is optimized with the Yoast SEO plugin v26.9 - https:\/\/yoast.com\/product\/yoast-seo-wordpress\/ -->\n<title>Central\u0103 termic\u0103 pe lemne Ferroli PRO N 25 kW - Termoshop.md<\/title>\n<meta name=\"description\" content=\"Centrala termic\u0103 pe lemne Ferroli, Centrala termic\u0103 pe combustibil solid Ferroli in Iasi, Centrala termic\u0103 pe lemne Ferroli in Iasi\" \/>\n<meta name=\"robots\" content=\"index, follow, max-snippet:-1, max-image-preview:large, max-video-preview:-1\" \/>\n<link rel=\"canonical\" href=\"https:\/\/termoshop.md\/ru\/produs\/centrala-termica-pe-lemne-ferroli-pro-n-25-kw\/\" \/>\n<meta property=\"og:locale\" content=\"ru_RU\" \/>\n<meta property=\"og:type\" content=\"article\" \/>\n<meta property=\"og:title\" content=\"Central\u0103 termic\u0103 pe lemne Ferroli PRO N 25 kW - Termoshop.md\" \/>\n<meta property=\"og:description\" content=\"Centrala termic\u0103 pe lemne Ferroli, Centrala termic\u0103 pe combustibil solid Ferroli in Iasi, Centrala termic\u0103 pe lemne Ferroli in Iasi\" \/>\n<meta property=\"og:url\" content=\"https:\/\/termoshop.md\/ru\/produs\/centrala-termica-pe-lemne-ferroli-pro-n-25-kw\/\" \/>\n<meta property=\"og:site_name\" content=\"Termoshop.md\" \/>\n<meta property=\"article:modified_time\" content=\"2024-04-17T10:51:49+00:00\" \/>\n<meta property=\"og:image\" content=\"https:\/\/termoshop.md\/wp-content\/uploads\/2023\/05\/thumb-25.jpeg\" \/>\n\t<meta property=\"og:image:width\" content=\"300\" \/>\n\t<meta property=\"og:image:height\" content=\"300\" \/>\n\t<meta property=\"og:image:type\" content=\"image\/jpeg\" \/>\n<meta name=\"twitter:card\" content=\"summary_large_image\" \/>\n<meta name=\"twitter:label1\" content=\"\u041f\u0440\u0438\u043c\u0435\u0440\u043d\u043e\u0435 \u0432\u0440\u0435\u043c\u044f \u0434\u043b\u044f \u0447\u0442\u0435\u043d\u0438\u044f\" \/>\n\t<meta name=\"twitter:data1\" content=\"2 \u043c\u0438\u043d\u0443\u0442\u044b\" \/>\n<script type=\"application\/ld+json\" class=\"yoast-schema-graph\">{\"@context\":\"https:\/\/schema.org\",\"@graph\":[{\"@type\":\"WebPage\",\"@id\":\"https:\/\/termoshop.md\/produs\/centrala-termica-pe-lemne-ferroli-pro-n-25-kw\/\",\"url\":\"https:\/\/termoshop.md\/produs\/centrala-termica-pe-lemne-ferroli-pro-n-25-kw\/\",\"name\":\"Central\u0103 termic\u0103 pe lemne Ferroli PRO N 25 kW - Termoshop.md\",\"isPartOf\":{\"@id\":\"https:\/\/termoshop.md\/#website\"},\"primaryImageOfPage\":{\"@id\":\"https:\/\/termoshop.md\/produs\/centrala-termica-pe-lemne-ferroli-pro-n-25-kw\/#primaryimage\"},\"image\":{\"@id\":\"https:\/\/termoshop.md\/produs\/centrala-termica-pe-lemne-ferroli-pro-n-25-kw\/#primaryimage\"},\"thumbnailUrl\":\"https:\/\/termoshop.md\/wp-content\/uploads\/2023\/05\/thumb-25.jpeg\",\"datePublished\":\"2023-05-26T11:37:18+00:00\",\"dateModified\":\"2024-04-17T10:51:49+00:00\",\"description\":\"Centrala termic\u0103 pe lemne Ferroli, Centrala termic\u0103 pe combustibil solid Ferroli in Iasi, Centrala termic\u0103 pe lemne Ferroli in Iasi\",\"breadcrumb\":{\"@id\":\"https:\/\/termoshop.md\/produs\/centrala-termica-pe-lemne-ferroli-pro-n-25-kw\/#breadcrumb\"},\"inLanguage\":\"ru-RU\",\"potentialAction\":[{\"@type\":\"ReadAction\",\"target\":[\"https:\/\/termoshop.md\/produs\/centrala-termica-pe-lemne-ferroli-pro-n-25-kw\/\"]}]},{\"@type\":\"ImageObject\",\"inLanguage\":\"ru-RU\",\"@id\":\"https:\/\/termoshop.md\/produs\/centrala-termica-pe-lemne-ferroli-pro-n-25-kw\/#primaryimage\",\"url\":\"https:\/\/termoshop.md\/wp-content\/uploads\/2023\/05\/thumb-25.jpeg\",\"contentUrl\":\"https:\/\/termoshop.md\/wp-content\/uploads\/2023\/05\/thumb-25.jpeg\",\"width\":300,\"height\":300},{\"@type\":\"BreadcrumbList\",\"@id\":\"https:\/\/termoshop.md\/produs\/centrala-termica-pe-lemne-ferroli-pro-n-25-kw\/#breadcrumb\",\"itemListElement\":[{\"@type\":\"ListItem\",\"position\":1,\"name\":\"Prima pagin\u0103\",\"item\":\"https:\/\/termoshop.md\/\"},{\"@type\":\"ListItem\",\"position\":2,\"name\":\"Toate Produsele\",\"item\":\"https:\/\/termoshop.md\/toate-produsele\/\"},{\"@type\":\"ListItem\",\"position\":3,\"name\":\"Central\u0103 termic\u0103 pe lemne Ferroli PRO N 25 kW\"}]},{\"@type\":\"WebSite\",\"@id\":\"https:\/\/termoshop.md\/#website\",\"url\":\"https:\/\/termoshop.md\/\",\"name\":\"Termoshop.md\",\"description\":\"Exper\u021bi \u00een solu\u021bii de top\",\"publisher\":{\"@id\":\"https:\/\/termoshop.md\/#organization\"},\"potentialAction\":[{\"@type\":\"SearchAction\",\"target\":{\"@type\":\"EntryPoint\",\"urlTemplate\":\"https:\/\/termoshop.md\/?s={search_term_string}\"},\"query-input\":{\"@type\":\"PropertyValueSpecification\",\"valueRequired\":true,\"valueName\":\"search_term_string\"}}],\"inLanguage\":\"ru-RU\"},{\"@type\":\"Organization\",\"@id\":\"https:\/\/termoshop.md\/#organization\",\"name\":\"Termoshop.md\",\"url\":\"https:\/\/termoshop.md\/\",\"logo\":{\"@type\":\"ImageObject\",\"inLanguage\":\"ru-RU\",\"@id\":\"https:\/\/termoshop.md\/#\/schema\/logo\/image\/\",\"url\":\"https:\/\/termoshop.md\/wp-content\/uploads\/2023\/04\/termoshopro.png\",\"contentUrl\":\"https:\/\/termoshop.md\/wp-content\/uploads\/2023\/04\/termoshopro.png\",\"width\":500,\"height\":94,\"caption\":\"Termoshop.md\"},\"image\":{\"@id\":\"https:\/\/termoshop.md\/#\/schema\/logo\/image\/\"}}]}<\/script>\n<!-- \/ Yoast SEO plugin. -->","yoast_head_json":{"title":"Central\u0103 termic\u0103 pe lemne Ferroli PRO N 25 kW - Termoshop.md","description":"Centrala termic\u0103 pe lemne Ferroli, Centrala termic\u0103 pe combustibil solid Ferroli in Iasi, Centrala termic\u0103 pe lemne Ferroli in Iasi","robots":{"index":"index","follow":"follow","max-snippet":"max-snippet:-1","max-image-preview":"max-image-preview:large","max-video-preview":"max-video-preview:-1"},"canonical":"https:\/\/termoshop.md\/ru\/produs\/centrala-termica-pe-lemne-ferroli-pro-n-25-kw\/","og_locale":"ru_RU","og_type":"article","og_title":"Central\u0103 termic\u0103 pe lemne Ferroli PRO N 25 kW - Termoshop.md","og_description":"Centrala termic\u0103 pe lemne Ferroli, Centrala termic\u0103 pe combustibil solid Ferroli in Iasi, Centrala termic\u0103 pe lemne Ferroli in Iasi","og_url":"https:\/\/termoshop.md\/ru\/produs\/centrala-termica-pe-lemne-ferroli-pro-n-25-kw\/","og_site_name":"Termoshop.md","article_modified_time":"2024-04-17T10:51:49+00:00","og_image":[{"width":300,"height":300,"url":"https:\/\/termoshop.md\/wp-content\/uploads\/2023\/05\/thumb-25.jpeg","type":"image\/jpeg"}],"twitter_card":"summary_large_image","twitter_misc":{"\u041f\u0440\u0438\u043c\u0435\u0440\u043d\u043e\u0435 \u0432\u0440\u0435\u043c\u044f \u0434\u043b\u044f \u0447\u0442\u0435\u043d\u0438\u044f":"2 \u043c\u0438\u043d\u0443\u0442\u044b"},"schema":{"@context":"https:\/\/schema.org","@graph":[{"@type":"WebPage","@id":"https:\/\/termoshop.md\/produs\/centrala-termica-pe-lemne-ferroli-pro-n-25-kw\/","url":"https:\/\/termoshop.md\/produs\/centrala-termica-pe-lemne-ferroli-pro-n-25-kw\/","name":"Central\u0103 termic\u0103 pe lemne Ferroli PRO N 25 kW - Termoshop.md","isPartOf":{"@id":"https:\/\/termoshop.md\/#website"},"primaryImageOfPage":{"@id":"https:\/\/termoshop.md\/produs\/centrala-termica-pe-lemne-ferroli-pro-n-25-kw\/#primaryimage"},"image":{"@id":"https:\/\/termoshop.md\/produs\/centrala-termica-pe-lemne-ferroli-pro-n-25-kw\/#primaryimage"},"thumbnailUrl":"https:\/\/termoshop.md\/wp-content\/uploads\/2023\/05\/thumb-25.jpeg","datePublished":"2023-05-26T11:37:18+00:00","dateModified":"2024-04-17T10:51:49+00:00","description":"Centrala termic\u0103 pe lemne Ferroli, Centrala termic\u0103 pe combustibil solid Ferroli in Iasi, Centrala termic\u0103 pe lemne Ferroli in Iasi","breadcrumb":{"@id":"https:\/\/termoshop.md\/produs\/centrala-termica-pe-lemne-ferroli-pro-n-25-kw\/#breadcrumb"},"inLanguage":"ru-RU","potentialAction":[{"@type":"ReadAction","target":["https:\/\/termoshop.md\/produs\/centrala-termica-pe-lemne-ferroli-pro-n-25-kw\/"]}]},{"@type":"ImageObject","inLanguage":"ru-RU","@id":"https:\/\/termoshop.md\/produs\/centrala-termica-pe-lemne-ferroli-pro-n-25-kw\/#primaryimage","url":"https:\/\/termoshop.md\/wp-content\/uploads\/2023\/05\/thumb-25.jpeg","contentUrl":"https:\/\/termoshop.md\/wp-content\/uploads\/2023\/05\/thumb-25.jpeg","width":300,"height":300},{"@type":"BreadcrumbList","@id":"https:\/\/termoshop.md\/produs\/centrala-termica-pe-lemne-ferroli-pro-n-25-kw\/#breadcrumb","itemListElement":[{"@type":"ListItem","position":1,"name":"Prima pagin\u0103","item":"https:\/\/termoshop.md\/"},{"@type":"ListItem","position":2,"name":"Toate Produsele","item":"https:\/\/termoshop.md\/toate-produsele\/"},{"@type":"ListItem","position":3,"name":"Central\u0103 termic\u0103 pe lemne Ferroli PRO N 25 kW"}]},{"@type":"WebSite","@id":"https:\/\/termoshop.md\/#website","url":"https:\/\/termoshop.md\/","name":"Termoshop.md","description":"Exper\u021bi \u00een solu\u021bii de top","publisher":{"@id":"https:\/\/termoshop.md\/#organization"},"potentialAction":[{"@type":"SearchAction","target":{"@type":"EntryPoint","urlTemplate":"https:\/\/termoshop.md\/?s={search_term_string}"},"query-input":{"@type":"PropertyValueSpecification","valueRequired":true,"valueName":"search_term_string"}}],"inLanguage":"ru-RU"},{"@type":"Organization","@id":"https:\/\/termoshop.md\/#organization","name":"Termoshop.md","url":"https:\/\/termoshop.md\/","logo":{"@type":"ImageObject","inLanguage":"ru-RU","@id":"https:\/\/termoshop.md\/#\/schema\/logo\/image\/","url":"https:\/\/termoshop.md\/wp-content\/uploads\/2023\/04\/termoshopro.png","contentUrl":"https:\/\/termoshop.md\/wp-content\/uploads\/2023\/04\/termoshopro.png","width":500,"height":94,"caption":"Termoshop.md"},"image":{"@id":"https:\/\/termoshop.md\/#\/schema\/logo\/image\/"}}]}},"jetpack_sharing_enabled":true,"_links":{"self":[{"href":"https:\/\/termoshop.md\/ru\/wp-json\/wp\/v2\/product\/3272","targetHints":{"allow":["GET"]}}],"collection":[{"href":"https:\/\/termoshop.md\/ru\/wp-json\/wp\/v2\/product"}],"about":[{"href":"https:\/\/termoshop.md\/ru\/wp-json\/wp\/v2\/types\/product"}],"replies":[{"embeddable":true,"href":"https:\/\/termoshop.md\/ru\/wp-json\/wp\/v2\/comments?post=3272"}],"wp:featuredmedia":[{"embeddable":true,"href":"https:\/\/termoshop.md\/ru\/wp-json\/wp\/v2\/media\/3273"}],"wp:attachment":[{"href":"https:\/\/termoshop.md\/ru\/wp-json\/wp\/v2\/media?parent=3272"}],"wp:term":[{"taxonomy":"product_brand","embeddable":true,"href":"https:\/\/termoshop.md\/ru\/wp-json\/wp\/v2\/product_brand?post=3272"},{"taxonomy":"product_cat","embeddable":true,"href":"https:\/\/termoshop.md\/ru\/wp-json\/wp\/v2\/product_cat?post=3272"},{"taxonomy":"product_tag","embeddable":true,"href":"https:\/\/termoshop.md\/ru\/wp-json\/wp\/v2\/product_tag?post=3272"}],"curies":[{"name":"wp","href":"https:\/\/api.w.org\/{rel}","templated":true}]}}